{"id":137298,"date":"2019-05-22T14:18:46","date_gmt":"2019-05-22T14:18:46","guid":{"rendered":"http:\/\/ehme.enutt.net\/?page_id=137298"},"modified":"2025-11-19T09:17:58","modified_gmt":"2025-11-19T09:17:58","slug":"quienes-somos","status":"publish","type":"page","link":"https:\/\/ehme.eu\/es\/quienes-somos\/","title":{"rendered":"Qui\u00e9nes somos"},"content":{"rendered":"<p>[vc_row full_width=\u00bbstretch_row_content_no_spaces\u00bb u_row_style=\u00bb0&#8243; u_row_paralax=\u00bb0&#8243; u_row_scheme=\u00bb0&#8243; css=\u00bb.vc_custom_1558602056514{padding-top: 200px !important;padding-bottom: 200px !important;background-image: url(https:\/\/ehme.eu\/wp-content\/uploads\/2019\/05\/musica-eskola.jpg?id=137364) !important;background-position: center !important;background-repeat: no-repeat !important;background-size: cover !important;}\u00bb][vc_column][\/vc_column][\/vc_row][vc_row u_row_style=\u00bb0&#8243; u_row_paralax=\u00bb0&#8243; u_row_scheme=\u00bb0&#8243; css=\u00bb.vc_custom_1558539327335{margin-top: 20px !important;margin-bottom: 20px !important;background-color: #ffffff !important;}\u00bb][vc_column width=\u00bb1\/2&#8243;][vc_column_text]<\/p>\n<h2 style=\"text-align: left; font-size: 26px;\">La Asociaci\u00f3n de Escuelas de M\u00fasica y Danza de Euskal Herria, naci\u00f3 en Diciembre de <strong>1994<\/strong> con <strong>8 escuelas asociadas<\/strong>.<\/h2>\n<p>[\/vc_column_text][vc_column_text]En la actualidad, esta compuesta por<strong> 69 escuelas de m\u00fasica y danza<\/strong>. EHME alberga a mas de <strong>30.000 alumnos y alumnas<\/strong> y tiene como misi\u00f3n ser motor dinamizador de la ense\u00f1anza musical y de danza no reglada de iniciativa p\u00fablica en Euskadi.<\/p>\n<p>Una de nuestras l\u00edneas de trabajo es la de <strong>hacer presente la m\u00fasica y danza que hace su alumnado en nuestros pueblos y ciudades<\/strong>, haciendo as\u00ed realidad uno de los objetivos del decreto que nos regula.[\/vc_column_text][\/vc_column][vc_column width=\u00bb1\/2&#8243;][vc_column_text]<strong>Euskal Herriko Musika eta Dantza Eskolen elkartea<\/strong> asume tambi\u00e9n, dentro de sus principios, las a<strong>lianzas y relaciones con entidades de fines similares<\/strong>, como un elemento importante que le ayuda a crecer y contrastar su estilo y forma de hacer, aprendiendo de la experiencia de estas organizaciones.<\/p>\n<p>Cabe rese\u00f1ar entre ellos:<\/p>\n<ul>\n<li><strong>Gobierno Vasco<\/strong>,<\/li>\n<li><strong>UEMYD<\/strong>, la Federaci\u00f3n que aglutina a las diferentes asociaciones de Escuelas de M\u00fasica de iniciativa p\u00fablica en el Estado Espa\u00f1ol,<\/li>\n<li><strong>EMU<\/strong>, <strong>European Music School Union<\/strong>, ente que une a las diferentes asociaciones a nivel europeo.<\/li>\n<\/ul>\n<p>[\/vc_column_text][\/vc_column][\/vc_row][vc_row][vc_column]    <div class=\"un-heading un-heading-heading_5024 \" data-delay=0>\n    \t<div class=\"un-heading-wrap\">\n            <span class=\"un-heading-line un-heading-before\"><span><\/span><\/span>\n                            <span class='btn btn-default btn-lg btn-lighter un-heading-content'>\n                            <b>OBJETIVOS DE EHME<\/b>                            <\/span>\n                        <span class=\"un-heading-line un-heading-after\"><span><\/span><\/span>\n        <\/div>\n        <div class=\"clearfix\"><\/div>\n    <\/div>\n    [vc_column_text]<\/p>\n<p style=\"text-align: center;\"><strong>Nuestros objetivos, que as\u00ed se recogen en los Estatutos, son:<\/strong><\/p>\n<p>[\/vc_column_text][vc_empty_space height=\u00bb20px\u00bb][\/vc_column][\/vc_row][vc_row u_row_style=\u00bb0&#8243; u_row_paralax=\u00bb0&#8243; u_row_scheme=\u00bb0&#8243;][vc_column width=\u00bb1\/3&#8243;]    \t<div id=\"un-icon-box-1\" class=\"media un-icon-box  \" data-delay=0>\n            <div class=\"pull-left\">\n            \t                <div class=\"un-icon\">\n                \t<i class=\"fa fa-child\"><\/i>\n                <\/div>\n                            <\/div>\n            <div class=\"media-body \">\n                <p>Fomentar y promocionar la educaci\u00f3n musical como valor y derecho de todo ciudadano\/a.<\/p>            <\/div>\n        <\/div>\n\t[vc_empty_space height=\u00bb20px\u00bb][\/vc_column][vc_column width=\u00bb1\/3&#8243;]    \t<div id=\"un-icon-box-2\" class=\"media un-icon-box  \" data-delay=0>\n            <div class=\"pull-left\">\n            \t                <div class=\"un-icon\">\n                \t<i class=\"fa fa-music\"><\/i>\n                <\/div>\n                            <\/div>\n            <div class=\"media-body \">\n                <p>Dinamizar la ense\u00f1anza musical en Euskadi.<\/p>            <\/div>\n        <\/div>\n\t[vc_empty_space height=\u00bb20px\u00bb][\/vc_column][vc_column width=\u00bb1\/3&#8243;]    \t<div id=\"un-icon-box-3\" class=\"media un-icon-box  \" data-delay=0>\n            <div class=\"pull-left\">\n            \t                <div class=\"un-icon\">\n                \t<i class=\"fa fa-university\"><\/i>\n                <\/div>\n                            <\/div>\n            <div class=\"media-body \">\n                <p>Representar al colectivo ante la administraci\u00f3n p\u00fablica e instituciones y entidades p\u00fablicas y privadas.<\/p>            <\/div>\n        <\/div>\n\t[\/vc_column][\/vc_row][vc_row u_row_style=\u00bb0&#8243; u_row_paralax=\u00bb0&#8243; u_row_scheme=\u00bb0&#8243; css=\u00bb.vc_custom_1558600062778{margin-bottom: 50px !important;}\u00bb][vc_column width=\u00bb1\/2&#8243;]    \t<div id=\"un-icon-box-4\" class=\"media un-icon-box  \" data-delay=0>\n            <div class=\"pull-left\">\n            \t                <div class=\"un-icon\">\n                \t<i class=\"fa fa-commenting-o\"><\/i>\n                <\/div>\n                            <\/div>\n            <div class=\"media-body \">\n                <p><b>Orientar a las Escuelas de M\u00fasica asociadas<\/b> en los temas relativos a su actividad docente y gesti\u00f3n y organizaci\u00f3n administrativa de los Centros.<\/p>            <\/div>\n        <\/div>\n\t[\/vc_column][vc_column width=\u00bb1\/2&#8243;]    \t<div id=\"un-icon-box-5\" class=\"media un-icon-box  \" data-delay=0>\n            <div class=\"pull-left\">\n            \t                <div class=\"un-icon\">\n                \t<i class=\"fa fa-handshake-o\"><\/i>\n                <\/div>\n                            <\/div>\n            <div class=\"media-body \">\n                <p>Colaborar con otras asociaciones y entidades culturales y\/o educativas que trabajen en temas similares o en l\u00ednea con los de EHME.<\/p>            <\/div>\n        <\/div>\n\t[vc_empty_space height=\u00bb20px\u00bb][\/vc_column][\/vc_row]<\/p>\n","protected":false},"excerpt":{"rendered":"<p>[vc_row full_width=\u00bbstretch_row_content_no_spaces\u00bb u_row_style=\u00bb0&#8243; u_row_paralax=\u00bb0&#8243; u_row_scheme=\u00bb0&#8243; css=\u00bb.vc_custom_1558602056514{padding-top: 200px !important;padding-bottom: 200px !important;background-image: url(https:\/\/ehme.eu\/wp-content\/uploads\/2019\/05\/musica-eskola.jpg?id=137364) !important;background-position: center !important;background-repeat: no-repeat !important;background-size: cover !important;}\u00bb][vc_column][\/vc_column][\/vc_row][vc_row u_row_style=\u00bb0&#8243; u_row_paralax=\u00bb0&#8243; u_row_scheme=\u00bb0&#8243; css=\u00bb.vc_custom_1558539327335{margin-top: 20px !important;margin-bottom: 20px !important;background-color: #ffffff !important;}\u00bb][vc_column width=\u00bb1\/2&#8243;][vc_column_text] La Asociaci\u00f3n de Escuelas de M\u00fasica y Danza de Euskal Herria, naci\u00f3 en Diciembre de 1994 con 8 escuelas asociadas. [\/vc_column_text][vc_column_text]En la actualidad, esta compuesta por [&hellip;]<\/p>\n","protected":false},"author":9,"featured_media":0,"parent":0,"menu_order":20,"comment_status":"closed","ping_status":"closed","template":"","meta":{"footnotes":""},"class_list":["post-137298","page","type-page","status-publish","hentry"],"yoast_head":"<!-- This site is optimized with the Yoast SEO plugin v27.5 - https:\/\/yoast.com\/product\/yoast-seo-wordpress\/ -->\n<title>Qui\u00e9nes somos - EHME<\/title>\n<meta name=\"robots\" content=\"index, follow, max-snippet:-1, max-image-preview:large, max-video-preview:-1\" \/>\n<link rel=\"canonical\" href=\"https:\/\/ehme.eu\/es\/quienes-somos\/\" \/>\n<meta property=\"og:locale\" content=\"es_ES\" \/>\n<meta property=\"og:type\" content=\"article\" \/>\n<meta property=\"og:title\" content=\"Qui\u00e9nes somos - EHME\" \/>\n<meta property=\"og:description\" content=\"[vc_row full_width=\u00bbstretch_row_content_no_spaces\u00bb u_row_style=\u00bb0&#8243; u_row_paralax=\u00bb0&#8243; u_row_scheme=\u00bb0&#8243; css=\u00bb.vc_custom_1558602056514{padding-top: 200px !important;padding-bottom: 200px !important;background-image: url(https:\/\/ehme.eu\/wp-content\/uploads\/2019\/05\/musica-eskola.jpg?id=137364) !important;background-position: center !important;background-repeat: no-repeat !important;background-size: cover !important;}\u00bb][vc_column][\/vc_column][\/vc_row][vc_row u_row_style=\u00bb0&#8243; u_row_paralax=\u00bb0&#8243; u_row_scheme=\u00bb0&#8243; css=\u00bb.vc_custom_1558539327335{margin-top: 20px !important;margin-bottom: 20px !important;background-color: #ffffff !important;}\u00bb][vc_column width=\u00bb1\/2&#8243;][vc_column_text] La Asociaci\u00f3n de Escuelas de M\u00fasica y Danza de Euskal Herria, naci\u00f3 en Diciembre de 1994 con 8 escuelas asociadas. [\/vc_column_text][vc_column_text]En la actualidad, esta compuesta por [&hellip;]\" \/>\n<meta property=\"og:url\" content=\"https:\/\/ehme.eu\/es\/quienes-somos\/\" \/>\n<meta property=\"og:site_name\" content=\"EHME\" \/>\n<meta property=\"article:modified_time\" content=\"2025-11-19T09:17:58+00:00\" \/>\n<meta name=\"twitter:card\" content=\"summary_large_image\" \/>\n<meta name=\"twitter:label1\" content=\"Tiempo de lectura\" \/>\n\t<meta name=\"twitter:data1\" content=\"2 minutos\" \/>\n<script type=\"application\/ld+json\" class=\"yoast-schema-graph\">{\"@context\":\"https:\\\/\\\/schema.org\",\"@graph\":[{\"@type\":\"WebPage\",\"@id\":\"https:\\\/\\\/ehme.eu\\\/es\\\/quienes-somos\\\/\",\"url\":\"https:\\\/\\\/ehme.eu\\\/es\\\/quienes-somos\\\/\",\"name\":\"Qui\u00e9nes somos - EHME\",\"isPartOf\":{\"@id\":\"https:\\\/\\\/ehme.eu\\\/#website\"},\"datePublished\":\"2019-05-22T14:18:46+00:00\",\"dateModified\":\"2025-11-19T09:17:58+00:00\",\"breadcrumb\":{\"@id\":\"https:\\\/\\\/ehme.eu\\\/es\\\/quienes-somos\\\/#breadcrumb\"},\"inLanguage\":\"es\",\"potentialAction\":[{\"@type\":\"ReadAction\",\"target\":[\"https:\\\/\\\/ehme.eu\\\/es\\\/quienes-somos\\\/\"]}]},{\"@type\":\"BreadcrumbList\",\"@id\":\"https:\\\/\\\/ehme.eu\\\/es\\\/quienes-somos\\\/#breadcrumb\",\"itemListElement\":[{\"@type\":\"ListItem\",\"position\":1,\"name\":\"Portada\",\"item\":\"https:\\\/\\\/ehme.eu\\\/es\\\/\"},{\"@type\":\"ListItem\",\"position\":2,\"name\":\"Qui\u00e9nes somos\"}]},{\"@type\":\"WebSite\",\"@id\":\"https:\\\/\\\/ehme.eu\\\/#website\",\"url\":\"https:\\\/\\\/ehme.eu\\\/\",\"name\":\"EHME\",\"description\":\"Asociaci\u00f3n de Escuelas de M\u00fasica y Danza del Pa\u00eds Vasco\",\"potentialAction\":[{\"@type\":\"SearchAction\",\"target\":{\"@type\":\"EntryPoint\",\"urlTemplate\":\"https:\\\/\\\/ehme.eu\\\/?s={search_term_string}\"},\"query-input\":{\"@type\":\"PropertyValueSpecification\",\"valueRequired\":true,\"valueName\":\"search_term_string\"}}],\"inLanguage\":\"es\"}]}<\/script>\n<!-- \/ Yoast SEO plugin. -->","yoast_head_json":{"title":"Qui\u00e9nes somos - EHME","robots":{"index":"index","follow":"follow","max-snippet":"max-snippet:-1","max-image-preview":"max-image-preview:large","max-video-preview":"max-video-preview:-1"},"canonical":"https:\/\/ehme.eu\/es\/quienes-somos\/","og_locale":"es_ES","og_type":"article","og_title":"Qui\u00e9nes somos - EHME","og_description":"[vc_row full_width=\u00bbstretch_row_content_no_spaces\u00bb u_row_style=\u00bb0&#8243; u_row_paralax=\u00bb0&#8243; u_row_scheme=\u00bb0&#8243; css=\u00bb.vc_custom_1558602056514{padding-top: 200px !important;padding-bottom: 200px !important;background-image: url(https:\/\/ehme.eu\/wp-content\/uploads\/2019\/05\/musica-eskola.jpg?id=137364) !important;background-position: center !important;background-repeat: no-repeat !important;background-size: cover !important;}\u00bb][vc_column][\/vc_column][\/vc_row][vc_row u_row_style=\u00bb0&#8243; u_row_paralax=\u00bb0&#8243; u_row_scheme=\u00bb0&#8243; css=\u00bb.vc_custom_1558539327335{margin-top: 20px !important;margin-bottom: 20px !important;background-color: #ffffff !important;}\u00bb][vc_column width=\u00bb1\/2&#8243;][vc_column_text] La Asociaci\u00f3n de Escuelas de M\u00fasica y Danza de Euskal Herria, naci\u00f3 en Diciembre de 1994 con 8 escuelas asociadas. [\/vc_column_text][vc_column_text]En la actualidad, esta compuesta por [&hellip;]","og_url":"https:\/\/ehme.eu\/es\/quienes-somos\/","og_site_name":"EHME","article_modified_time":"2025-11-19T09:17:58+00:00","twitter_card":"summary_large_image","twitter_misc":{"Tiempo de lectura":"2 minutos"},"schema":{"@context":"https:\/\/schema.org","@graph":[{"@type":"WebPage","@id":"https:\/\/ehme.eu\/es\/quienes-somos\/","url":"https:\/\/ehme.eu\/es\/quienes-somos\/","name":"Qui\u00e9nes somos - EHME","isPartOf":{"@id":"https:\/\/ehme.eu\/#website"},"datePublished":"2019-05-22T14:18:46+00:00","dateModified":"2025-11-19T09:17:58+00:00","breadcrumb":{"@id":"https:\/\/ehme.eu\/es\/quienes-somos\/#breadcrumb"},"inLanguage":"es","potentialAction":[{"@type":"ReadAction","target":["https:\/\/ehme.eu\/es\/quienes-somos\/"]}]},{"@type":"BreadcrumbList","@id":"https:\/\/ehme.eu\/es\/quienes-somos\/#breadcrumb","itemListElement":[{"@type":"ListItem","position":1,"name":"Portada","item":"https:\/\/ehme.eu\/es\/"},{"@type":"ListItem","position":2,"name":"Qui\u00e9nes somos"}]},{"@type":"WebSite","@id":"https:\/\/ehme.eu\/#website","url":"https:\/\/ehme.eu\/","name":"EHME","description":"Asociaci\u00f3n de Escuelas de M\u00fasica y Danza del Pa\u00eds Vasco","potentialAction":[{"@type":"SearchAction","target":{"@type":"EntryPoint","urlTemplate":"https:\/\/ehme.eu\/?s={search_term_string}"},"query-input":{"@type":"PropertyValueSpecification","valueRequired":true,"valueName":"search_term_string"}}],"inLanguage":"es"}]}},"_links":{"self":[{"href":"https:\/\/ehme.eu\/es\/wp-json\/wp\/v2\/pages\/137298","targetHints":{"allow":["GET"]}}],"collection":[{"href":"https:\/\/ehme.eu\/es\/wp-json\/wp\/v2\/pages"}],"about":[{"href":"https:\/\/ehme.eu\/es\/wp-json\/wp\/v2\/types\/page"}],"author":[{"embeddable":true,"href":"https:\/\/ehme.eu\/es\/wp-json\/wp\/v2\/users\/9"}],"replies":[{"embeddable":true,"href":"https:\/\/ehme.eu\/es\/wp-json\/wp\/v2\/comments?post=137298"}],"version-history":[{"count":1,"href":"https:\/\/ehme.eu\/es\/wp-json\/wp\/v2\/pages\/137298\/revisions"}],"predecessor-version":[{"id":140020,"href":"https:\/\/ehme.eu\/es\/wp-json\/wp\/v2\/pages\/137298\/revisions\/140020"}],"wp:attachment":[{"href":"https:\/\/ehme.eu\/es\/wp-json\/wp\/v2\/media?parent=137298"}],"curies":[{"name":"wp","href":"https:\/\/api.w.org\/{rel}","templated":true}]}}